{"id":630,"date":"2022-12-15T16:16:24","date_gmt":"2022-12-15T16:16:24","guid":{"rendered":"http:\/\/degi.ubiobio.cl\/?post_type=team&#038;p=630"},"modified":"2024-04-24T20:20:39","modified_gmt":"2024-04-24T20:20:39","slug":"alvaro-acuna-hormazabal","status":"publish","type":"team","link":"https:\/\/degi.ubiobio.cl\/index.php\/team\/alvaro-acuna-hormazabal\/","title":{"rendered":"ALVARO ACU\u00d1A-HORMAZ\u00c1BAL"},"content":{"rendered":"\n<p>Alvaro Acu\u00f1a-Hormaz\u00e1bal es Profesor Asistente del Departamento de Gesti\u00f3n Empresarial de la Facultad de Ciencias Empresariales de la Universidad del B\u00edo-B\u00edo y director suplente del Grupo de Investigaci\u00f3n \u201cGesti\u00f3n del Comportamiento Organizacional GeCO\u201d de la misma casa de estudios<\/p>\n\n\n\n<p>Adem\u00e1s, integra el comit\u00e9 directivo de la Academy of Innovation, Entrepreneurship and Knowledge como su representante en Chile y es Investigador adjunto del Instituto Interuniversitario de Investigaci\u00f3n Educativa en el \u00e1rea de Gobernanza de Organizaciones.<\/p>\n\n\n\n<p>Doctor en Administraci\u00f3n y Direcci\u00f3n de Empresas por la Universidad Polit\u00e9cnica de Catalunya, Espa\u00f1a, posee adem\u00e1s un Mag\u00edster en Gerencia y Gesti\u00f3n P\u00fablica por la Universidad de Talca, Chile, adem\u00e1s de un Post\u00edtulo en Psicolog\u00eda Positiva por el Instituto Chileno de Psicolog\u00eda Positiva y en Neuroliderazgo por la Universidad Tecnol\u00f3gica TECH y es Coach Certificado Internacionalmente por Professional Coaching Alliance.<\/p>\n\n\n\n<p>En su tesis doctoral abord\u00f3 temas relacionados a la gesti\u00f3n del comportamiento organizacional, en espec\u00edfico los modelos de organizaci\u00f3n saludable y su impacto en la salud y desempe\u00f1o de los trabajadores, que actualmente sigue desarrollando a partir de sus proyectos de investigaci\u00f3n. Sus investigaciones abordan en general modelos de relaci\u00f3n entre la gesti\u00f3n de las empresas con el engagement y burnout de sus trabajadores, entendiendo a estas \u00faltimas, como las variables que explican la salud socio emocional de los trabajadores. Los resultados de sus trabajos han sido publicados en revistas cient\u00edficas nacionales e internacionales: Sustainability, International Journal of Environmental Research and Public Health, Interciencia, Current Research in Psychology and Behavioral Science (CRPBS), International Journal of Health Sciences, Multidisciplinary Business Review, Brazilian Academy of Management, Estudios Gerenciales, TELOS, entre otras.<\/p>\n\n\n\n<p>En la trayectoria acad\u00e9mica del Dr. Acu\u00f1a-Hormaz\u00e1bal destacan invitaciones nacionales e internacionales a dictar charlas a prop\u00f3sito de la publicaci\u00f3n de sus libros y se complementa con su participaci\u00f3n en cargos de alta direcci\u00f3n universitaria, entre los que se distingue haber sido Director General de Comunicaci\u00f3n Estrat\u00e9gica de la Universidad del B\u00edo-B\u00edo, adem\u00e1s de Jefe de Gabinete de la Rector\u00eda de la misma instituci\u00f3n.<\/p>\n\n\n\n<p><\/p>\n","protected":false},"featured_media":632,"parent":0,"template":"","tipo-academico":[4],"tipo-personal":[],"lineas":[14],"class_list":["post-630","team","type-team","status-publish","has-post-thumbnail","hentry","tipo-academico-claustro","lineas-analisis-economico-y-organizacional"],"_links":{"self":[{"href":"https:\/\/degi.ubiobio.cl\/index.php\/wp-json\/wp\/v2\/team\/630","targetHints":{"allow":["GET"]}}],"collection":[{"href":"https:\/\/degi.ubiobio.cl\/index.php\/wp-json\/wp\/v2\/team"}],"about":[{"href":"https:\/\/degi.ubiobio.cl\/index.php\/wp-json\/wp\/v2\/types\/team"}],"wp:featuredmedia":[{"embeddable":true,"href":"https:\/\/degi.ubiobio.cl\/index.php\/wp-json\/wp\/v2\/media\/632"}],"wp:attachment":[{"href":"https:\/\/degi.ubiobio.cl\/index.php\/wp-json\/wp\/v2\/media?parent=630"}],"wp:term":[{"taxonomy":"tipo-academico","embeddable":true,"href":"https:\/\/degi.ubiobio.cl\/index.php\/wp-json\/wp\/v2\/tipo-academico?post=630"},{"taxonomy":"tipo-personal","embeddable":true,"href":"https:\/\/degi.ubiobio.cl\/index.php\/wp-json\/wp\/v2\/tipo-personal?post=630"},{"taxonomy":"lineas","embeddable":true,"href":"https:\/\/degi.ubiobio.cl\/index.php\/wp-json\/wp\/v2\/lineas?post=630"}],"curies":[{"name":"wp","href":"https:\/\/api.w.org\/{rel}","templated":true}]}}